{"id":30586,"date":"2023-01-09T13:44:27","date_gmt":"2023-01-09T12:44:27","guid":{"rendered":"https:\/\/fortezzabellinzona.ch\/mostre-attivita\/museum-castel-grande\/"},"modified":"2026-02-16T11:50:08","modified_gmt":"2026-02-16T10:50:08","slug":"museum-castel-grande","status":"publish","type":"mec-events","link":"https:\/\/fortezzabellinzona.ch\/de\/mostre-attivita\/museum-castel-grande\/","title":{"rendered":"Museum Castel Grande"},"content":{"rendered":"<div class=\"wpb-content-wrapper\"><p>[vc_row css=&#8220;.vc_custom_1677596556545{padding-top: 25px !important;padding-right: 10px !important;padding-bottom: 25px !important;padding-left: 10px !important;}&#8220;][vc_column col_shadow=&#8220;box_shadow_enable:disable|shadow_horizontal:0|shadow_vertical:15|shadow_blur:50|shadow_spread:0|box_shadow_color:rgba(0%2C0%2C0%2C.35)&#8220; col_shadow_hover=&#8220;box_shadow_enable:disable|shadow_horizontal:0|shadow_vertical:15|shadow_blur:50|shadow_spread:0|box_shadow_color:rgba(0%2C0%2C0%2C.35)&#8220;]<div class=\"animation-container \" ><div id=\"video-player-69f70335b6621-930\" class=\"dfd-videoplayer style-2 layout-3 text-left \"><div class=\"button-wrap\"><div class=\"dfd-video-button  \" ><span class=\"mask-for-hover\"><u><\/u><b><\/b><\/span><span class=\"play\" style=\"border-left-color:#000000\"><\/span><\/div><div class=\"title-wrap\"><div class=\"feature-title\" style=\"font-size: 17px; color: #000000 !important; line-height: 25px; letter-spacing: 0px; font-weight:bold; \">Museum Castel Grande<\/div><\/div><a href=\"#module_video_69f70335b6633\" class=\"dfd-video-link \" data-animation=\"\"><\/a><\/div><div  style=\"display:none;\" class=\"\" id=\"module_video_69f70335b6633\" data-animation=\"\"><iframe loading=\"lazy\" title=\"Il museo di Castelgrande\" width=\"1200\" height=\"675\" src=\"https:\/\/www.youtube.com\/embed\/A2xrOsliMrA?list=PLBAQxnMK_AAg-hQm9H_LVwIZFh8RbWd5Z\" frameborder=\"0\" allow=\"accelerometer; autoplay; clipboard-write; encrypted-media; gyroscope; picture-in-picture; web-share\" allowfullscreen><\/iframe><\/div><\/div><\/div><script type=\"text\/javascript\">\r\n\t\t\t\t\t\t\t(function($) {\r\n\t\t\t\t\t\t\t\t$(\"head\").append(\"<style>#video-player-69f70335b6621-930 .dfd-video-button {} #video-player-69f70335b6621-930.style-2 .dfd-video-button .mask-for-hover {border-style:solid; border-width:1px; border-color:#000000; } #module_video_69f70335b6633.dfd-fullscreen-video-container.video_module:before {opacity: 1 !important;background: linear-gradient(to right, rgba(0,0,0,0.9) 0%,rgba(0,0,0,0.9) 100%) !important;}<\/style>\");\r\n\t\t\t\t\t\t\t\t$(document).ready(function(){\r\n\t\t\t\t\t\t\t\t\tDFD_VideoModule.init(\"module_video_69f70335b6633\",\"video-player-69f70335b6621-930\");\r\n\t\t\t\t\t\t\t\t});\r\n\t\t\t\t\t\t\t})(jQuery);\r\n\t\t\t\t\t\t<\/script><div class=\"dfd-spacer-module\"  data-units=\"px\" data-wide_resolution=\"1280\" data-wide_size=\"25\" data-normal_resolution=\"1024\" data-normal_size=\"25\" data-tablet_resolution=\"800\" data-tablet_size=\"25\" data-mobile_resolution=\"480\" data-mobile_size=\"25\" style=\"height: 25px;\"><\/div>[\/vc_column][\/vc_row][vc_row css=&#8220;.vc_custom_1673442197720{padding-right: 10px !important;padding-left: 10px !important;}&#8220;][vc_column][vc_column_text]Das Museum erstreckt sich \u00fcber zwei Etagen im S\u00fcdfl\u00fcgel des Castel Grande. In der historisch-arch\u00e4ologischen Ausstellung im Erdgeschoss zeugen Exponate davon, dass vom ersten neolithischen Dorf bis ins 20. Jahrhundert 6.500 Jahre lang Menschen den H\u00fcgel bewohnten. Besucher k\u00f6nnen im Rahmen der Ausstellung mitten in arch\u00e4ologische Nachforschungen eintauchen und die Exponate des Museums entdecken. Anhand der arch\u00e4ologischen Funde werden der Alltag der ersten Bewohner des H\u00fcgels sowie einige typisch steinzeitliche Wirtschaftszweige wie die Landwirtschaft oder die Feuerstein- und Bergkristallindustrie und sp\u00e4ter die Metallverarbeitung dargestellt. Anschliessend folgen die Etappen der Entwicklung der Siedlung von der Bronzezeit bis zum Mittelalter. Abschliessend ist eine M\u00fcnzsammlung aus dem 16. Jahrhundert ausgestellt, die von einer M\u00fcnzst\u00e4tte in den drei Urkantonen in Bellinzona zeugt.<\/p>\n<p>Die kunstgeschichtliche Ausstellung umfasst 144 Temperazeichnungen (um 1470), die urspr\u00fcnglich die Holzdecke einer pr\u00e4chtigen, 1970 abgerissenen Residenz aus dem 15. Jahrhundert zierten. Sie wurden von einem K\u00fcnstler aus der Lombardei geschaffen und zeigen Themen der Renessaince wie die verkehrte Welt, Tugendallegorien, ber\u00fchmte Pers\u00f6nlichkeiten und die Lyrik Petrarcas.<\/p>\n<p><strong>\u00d6ffnungszeiten<\/strong>:<br \/>\nNovember-M\u00e4rz\/April: 10:30 \u2013 16:00<br \/>\nM\u00e4rz\/April &#8211; November: 10.00 \u2013 18:00[\/vc_column_text][\/vc_column][\/vc_row]<\/p>\n<\/div>","protected":false},"excerpt":{"rendered":"<p>[vc_row css=&#8220;.vc_custom_1677596556545{padding-top: 25px !important;padding-right: 10px !important;padding-bottom: 25px !important;padding-left: 10px !important;}&#8220;][vc_column col_shadow=&#8220;box_shadow_enable:disable|shadow_horizontal:0|shadow_vertical:15|shadow_blur:50|shadow_spread:0|box_shadow_color:rgba(0%2C0%2C0%2C.35)&#8220; col_shadow_hover=&#8220;box_shadow_enable:disable|shadow_horizontal:0|shadow_vertical:15|shadow_blur:50|shadow_spread:0|box_shadow_color:rgba(0%2C0%2C0%2C.35)&#8220;][\/vc_column][\/vc_row][vc_row css=&#8220;.vc_custom_1673442197720{padding-right: 10px !important;padding-left: 10px !important;}&#8220;][vc_column][vc_column_text]Das Museum erstreckt sich \u00fcber zwei Etagen im S\u00fcdfl\u00fcgel des Castel Grande. In der<\/p>\n","protected":false},"author":1,"featured_media":34848,"comment_status":"closed","ping_status":"closed","template":"","tags":[],"mec_category":[59,98],"class_list":["post-30586","mec-events","type-mec-events","status-publish","has-post-thumbnail","hentry","mec_category-museen","mec_category-veranstaltungen"],"aioseo_notices":[],"_links":{"self":[{"href":"https:\/\/fortezzabellinzona.ch\/de\/wp-json\/wp\/v2\/mec-events\/30586","targetHints":{"allow":["GET"]}}],"collection":[{"href":"https:\/\/fortezzabellinzona.ch\/de\/wp-json\/wp\/v2\/mec-events"}],"about":[{"href":"https:\/\/fortezzabellinzona.ch\/de\/wp-json\/wp\/v2\/types\/mec-events"}],"author":[{"embeddable":true,"href":"https:\/\/fortezzabellinzona.ch\/de\/wp-json\/wp\/v2\/users\/1"}],"replies":[{"embeddable":true,"href":"https:\/\/fortezzabellinzona.ch\/de\/wp-json\/wp\/v2\/comments?post=30586"}],"wp:featuredmedia":[{"embeddable":true,"href":"https:\/\/fortezzabellinzona.ch\/de\/wp-json\/wp\/v2\/media\/34848"}],"wp:attachment":[{"href":"https:\/\/fortezzabellinzona.ch\/de\/wp-json\/wp\/v2\/media?parent=30586"}],"wp:term":[{"taxonomy":"post_tag","embeddable":true,"href":"https:\/\/fortezzabellinzona.ch\/de\/wp-json\/wp\/v2\/tags?post=30586"},{"taxonomy":"mec_category","embeddable":true,"href":"https:\/\/fortezzabellinzona.ch\/de\/wp-json\/wp\/v2\/mec_category?post=30586"}],"curies":[{"name":"wp","href":"https:\/\/api.w.org\/{rel}","templated":true}]}}