{"id":30623,"date":"2023-01-11T14:48:12","date_gmt":"2023-01-11T13:48:12","guid":{"rendered":"https:\/\/fortezzabellinzona.ch\/mostre-attivita\/7-schweizer-schloessertag\/"},"modified":"2023-03-30T09:22:22","modified_gmt":"2023-03-30T07:22:22","slug":"7-schweizer-schloessertag","status":"publish","type":"mec-events","link":"https:\/\/fortezzabellinzona.ch\/de\/mostre-attivita\/7-schweizer-schloessertag\/","title":{"rendered":"7. Schweizer Schl\u00f6ssertag"},"content":{"rendered":"<div class=\"wpb-content-wrapper\"><p>[vc_row css=&#8220;.vc_custom_1673441504573{padding-right: 10px !important;padding-left: 10px !important;}&#8220;][vc_column][vc_column_text css=&#8220;.vc_custom_1673444820668{padding-bottom: 25px !important;}&#8220;]<strong>MANGIARE! ESSEN! MANGER!<\/strong><br \/>\nAm 2. Oktober findet in allen 28 Schl\u00f6ssern und Burgen in der Schweiz der 7. Schweizer Schl\u00f6ssertag mit verschiedenen Veranstaltungen statt.<\/p>\n<p><strong>DIE FESTUNG VON BELLINZONA<\/strong><br \/>\nGaumen von gestern, Gaumen von heute<br \/>\nWas wurde im Kanton Tessin vor einhundert, zweihundert oder siebenhundert Jahren gegessen?<br \/>\nK\u00f6nnen uns die Malereien auf den Holztafeln der Decke der Cervia aus dem 15. Jahrhundert auch etwas \u00fcber die Gerichte erz\u00e4hlen, die bei Banketten der ber\u00fchmten Familien Ghiringhelli und Muggiasca von Bellinzona serviert wurden?<br \/>\nWelche naturverbundenen gastronomischen Geheimnisse stecken hinter den Bildern des Malers Max L\u00e4ubli aus dem letzten Jahrhundert?<br \/>\nDiese Fragen und noch viel mehr werden am 2. Oktober 2022 in Bellinzona im Rahmen des Schweizer Schl\u00f6ssertages beantwortet, der dieses Jahr ganz im Zeichen der Gastronomie steht.<br \/>\nZu diesem Anlass werden zwei F\u00fchrungen in den Burgen Castelgrande und Sasso Corbaro im Zusammenhang mit dem Renaissancewerk an der Decke der Cervia und der monografischen Ausstellung \u201eDas Leben\u201c des K\u00fcnstlers Max L\u00e4ubli angeboten.<br \/>\nAusserdem finden F\u00fchrungen und ein Arch\u00e4ologie-Workshop der Tessiner Arch\u00e4ologievereinigung (ATT) zur K\u00fcche in der Antike im Rahmen der neuen Ausstellung \u201eArcheologia Montebello\u201c sowie eine spannende Konferenz zur K\u00fcche des Mittelalters und der Renaissance von Professor Bruno Laurioux statt.<\/p>\n<p>&nbsp;<\/p>\n<p><strong>DAS PROGRAMM<\/strong><\/p>\n<p><em>Castelgrande<\/em><br \/>\nTHEMATISCHE F\u00dcHRUNG<br \/>\nIm Rahmen des Museums von Castelgrande<\/p>\n<p><em>Montebello<\/em><br \/>\nTHEMATISCHE F\u00dcHRUNG UND ARCH\u00c4OLOGIE-<br \/>\nWORKSHOP<br \/>\nIm Rahmen der neuen Ausstellung \u201eArcheologia Montebello\u201c<\/p>\n<p><em>Sasso Corbaro<\/em><br \/>\nGASTRONOMISCHE KONFERENZ<br \/>\nDie K\u00fcche des K\u00fcchenchefs Martino im Rahmen der italienische und europ\u00e4ischen K\u00fcche (Mittelalter-Renaissance)<br \/>\nSprecher Bruno Laurioux<\/p>\n<p>&nbsp;<\/p>\n<p><strong>THEMENF\u00dcHRUNG<\/strong><br \/>\nIm Rahmen der Ausstellung zum K\u00fcnstler Max L\u00e4ubli<\/p>\n<p><em>Gastronomie<\/em><br \/>\nMittelalterliche K\u00fcche im Grotto San Michele<\/p>\n<p><em>Info &amp; Booking<\/em><br \/>\nDie Aktivit\u00e4ten sind nur mit Vormerkung m\u00f6glich und im Eintrittspreis inbegriffen. F\u00fcr Anmeldungen und<br \/>\nweitere Informationen wenden Sie sich bitte telefonisch unter 091 825 21 31 oder auf der Website <a href=\"https:\/\/www.bellinzonaevalli.ch\/\" target=\"_blank\" rel=\"noopener\">bellinzonaevalli.ch<\/a> an Bellinzonese e Alto Ticino Turismo[\/vc_column_text][\/vc_column][\/vc_row]<\/p>\n<\/div>","protected":false},"excerpt":{"rendered":"<p>[vc_row css=&#8220;.vc_custom_1673441504573{padding-right: 10px !important;padding-left: 10px !important;}&#8220;][vc_column][vc_column_text css=&#8220;.vc_custom_1673444820668{padding-bottom: 25px !important;}&#8220;]MANGIARE! ESSEN! MANGER! Am 2. Oktober findet in allen 28 Schl\u00f6ssern und Burgen in der Schweiz der 7. Schweizer Schl\u00f6ssertag mit verschiedenen<\/p>\n","protected":false},"author":1,"featured_media":30026,"comment_status":"open","ping_status":"closed","template":"","tags":[],"mec_category":[62],"class_list":["post-30623","mec-events","type-mec-events","status-publish","has-post-thumbnail","hentry","mec_category-sonstige-aktivitaeten"],"aioseo_notices":[],"_links":{"self":[{"href":"https:\/\/fortezzabellinzona.ch\/de\/wp-json\/wp\/v2\/mec-events\/30623","targetHints":{"allow":["GET"]}}],"collection":[{"href":"https:\/\/fortezzabellinzona.ch\/de\/wp-json\/wp\/v2\/mec-events"}],"about":[{"href":"https:\/\/fortezzabellinzona.ch\/de\/wp-json\/wp\/v2\/types\/mec-events"}],"author":[{"embeddable":true,"href":"https:\/\/fortezzabellinzona.ch\/de\/wp-json\/wp\/v2\/users\/1"}],"replies":[{"embeddable":true,"href":"https:\/\/fortezzabellinzona.ch\/de\/wp-json\/wp\/v2\/comments?post=30623"}],"wp:featuredmedia":[{"embeddable":true,"href":"https:\/\/fortezzabellinzona.ch\/de\/wp-json\/wp\/v2\/media\/30026"}],"wp:attachment":[{"href":"https:\/\/fortezzabellinzona.ch\/de\/wp-json\/wp\/v2\/media?parent=30623"}],"wp:term":[{"taxonomy":"post_tag","embeddable":true,"href":"https:\/\/fortezzabellinzona.ch\/de\/wp-json\/wp\/v2\/tags?post=30623"},{"taxonomy":"mec_category","embeddable":true,"href":"https:\/\/fortezzabellinzona.ch\/de\/wp-json\/wp\/v2\/mec_category?post=30623"}],"curies":[{"name":"wp","href":"https:\/\/api.w.org\/{rel}","templated":true}]}}