{"id":30605,"date":"2023-01-11T14:22:14","date_gmt":"2023-01-11T13:22:14","guid":{"rendered":"https:\/\/fortezzabellinzona.ch\/mostre-attivita\/histoires-de-la-terre-des-fouilles-au-musee\/"},"modified":"2026-05-06T10:14:02","modified_gmt":"2026-05-06T08:14:02","slug":"histoires-de-la-terre-des-fouilles-au-musee","status":"publish","type":"mec-events","link":"https:\/\/fortezzabellinzona.ch\/fr\/mostre-attivita\/histoires-de-la-terre-des-fouilles-au-musee\/","title":{"rendered":"Histoires de la terre: des fouilles au mus\u00e9e"},"content":{"rendered":"<div class=\"wpb-content-wrapper\"><p>[vc_row css=\u00a0\u00bb.vc_custom_1673441504573{padding-right: 10px !important;padding-left: 10px !important;}\u00a0\u00bb][vc_column][vc_column_text css=\u00a0\u00bb.vc_custom_1778055240800{padding-bottom: 25px !important;}\u00a0\u00bb]<span style=\"color: #a70000;\">Destinataires:<\/span> les deux premi\u00e8res ann\u00e9es de l&rsquo;enseignement secondaire<br \/>\n<span style=\"color: #a70000;\">Dur\u00e9e:<\/span> 2h30<br \/>\n<span style=\"color: #a70000;\">Prix:<\/span> 180 CHF\/classe<br \/>\n<span style=\"color: #a70000;\">Langues:<\/span> italien<br \/>\n<span style=\"color: #a70000;\">Nombre maximum de participants:<\/span> une classe (max. 24 \u00e9l\u00e8ves).<br \/>\n<span style=\"color: #a70000;\">Lieu:<\/span> Sala didattica del Prestino, Montebello<\/p>\n<p>Comment le pass\u00e9 peut-il survivre sous terre et comment les d\u00e9couvertes deviennent-elles des t\u00e9moins parlants ? Quels sont les m\u00e9thodes et les outils de recherche utilis\u00e9s par les arch\u00e9ologues ? Un voyage passionnant \u00e0 travers l&rsquo;histoire de la r\u00e9gion pour d\u00e9couvrir les cultures qui nous ont pr\u00e9c\u00e9d\u00e9s et conna\u00eetre de nombreux aspects m\u00e9connus du travail de l&rsquo;arch\u00e9ologue tels que les fouilles, l&rsquo;interpr\u00e9tation des d\u00e9couvertes, la documentation. Les enfants se mettent dans la peau d&rsquo;un arch\u00e9ologue en participant \u00e0 une fouille et en ressentant le frisson de la d\u00e9couverte et la satisfaction de la reconstitution historique. La r\u00e9union se termine par une activit\u00e9 li\u00e9e \u00e0 l&rsquo;exposition <em>Arch\u00e9ologie Montebello<\/em>.<\/p>\n<p>L&rsquo;atelier fait partie du programme \u00e9ducatif propos\u00e9 par l&rsquo;Association Arch\u00e9ologique du Tessin (ATT).<\/p>\n<p><span style=\"color: #a70000;\"><strong>R\u00e9servations<\/strong>\u00a0<\/span><br \/>\n<a href=\"mailto:didattica@archeologica.ch\">didattica@archeologica.ch<\/a>[\/vc_column_text]<div id=\"dfd-button-6a979061cce1e\" class=\"dfd-button-module-wrap dfd-button-6a979061cce1e\"><div class=\"dfd-button-module  style_1 text-left dfd-horizontal dfd-top-to-bottom dfd-button-icon-left dfd-button-icon-hover-simple\" ><a href=\"https:\/\/www.archeologica.ch\/offerta-didattica-2023-24\" target=\"_blank\" class=\"dfd-button-link\"><span class=\"dfd-button-inner-cover\"><span class=\"dfd-button-text-main\">PLUS D'INFORMATIONS<\/span><\/span><\/a><\/div><script type=\"text\/javascript\">\r\n\t\t\t\t\t\t\t\t\t(function($) {$(\"head\").append(\"<style>#dfd-button-6a979061cce1e.dfd-button-module-wrap .dfd-button-module .dfd-button-link .dfd-button-inner-cover .dfd-button-text-main, .dfd-button-6a979061cce1e.dfd-button-module-wrap .dfd-button-module .dfd-button-link .dfd-button-inner-cover .dfd-button-text-main, .dfd-button-6a979061cce1e.dfd-button-module-wrap .dfd-button-module .dfd-button-link .dfd-button-inner-cover .dfd-button-text-hover, #dfd-button-6a979061cce1e.dfd-button-module-wrap .dfd-button-module .dfd-button-link .dfd-button-inner-cover .dfd-button-text-hover {padding-left: 0px;}#dfd-button-6a979061cce1e.dfd-button-module-wrap .dfd-button-module .dfd-button-link .dfd-button-inner-cover .dfd-button-text-main, .dfd-button-6a979061cce1e.dfd-button-module-wrap .dfd-button-module .dfd-button-link .dfd-button-inner-cover .dfd-button-text-main, .dfd-button-6a979061cce1e.dfd-button-module-wrap .dfd-button-module .dfd-button-link .dfd-button-inner-cover .dfd-button-text-hover, #dfd-button-6a979061cce1e.dfd-button-module-wrap .dfd-button-module .dfd-button-link .dfd-button-inner-cover .dfd-button-text-hover {padding-right: 0px;}#dfd-button-6a979061cce1e.dfd-button-module-wrap .dfd-button-module .dfd-button-link .dfd-button-inner-cover .dfd-button-text-main, .dfd-button-6a979061cce1e.dfd-button-module-wrap .dfd-button-module .dfd-button-link .dfd-button-inner-cover .dfd-button-text-main, .dfd-button-6a979061cce1e.dfd-button-module-wrap .dfd-button-module .dfd-button-link .dfd-button-inner-cover .dfd-button-text-hover, #dfd-button-6a979061cce1e.dfd-button-module-wrap .dfd-button-module .dfd-button-link .dfd-button-inner-cover .dfd-button-text-hover {font-size: 17px; font-family: AmbitRegular; line-height: 26px; letter-spacing: 2px; }#dfd-button-6a979061cce1e.dfd-button-module-wrap .dfd-button-module .dfd-button-link .dfd-button-inner-cover .dfd-button-text-main,.dfd-button-6a979061cce1e.dfd-button-module-wrap .dfd-button-module .dfd-button-link .dfd-button-inner-cover .dfd-button-text-main {color: #A70000}#dfd-button-6a979061cce1e.dfd-button-module-wrap .dfd-button-module .dfd-button-link .dfd-button-inner-cover,.dfd-button-6a979061cce1e.dfd-button-module-wrap .dfd-button-module .dfd-button-link .dfd-button-border-decoration,.dfd-button-6a979061cce1e.dfd-button-module-wrap .dfd-button-module .dfd-button-link .dfd-button-inner-cover {border-radius:0px;}#dfd-button-6a979061cce1e.dfd-button-module-wrap .dfd-button-module:not(.style_4) .dfd-button-link .dfd-button-inner-cover:before,#dfd-button-6a979061cce1e.dfd-button-module-wrap .dfd-button-module.style_4 .dfd-button-link .dfd-button-inner-cover:after,#dfd-button-6a979061cce1e.dfd-button-module-wrap .dfd-button-module.style_6 .dfd-button-link .dfd-button-inner-cover .dfd-button-text-main,.dfd-button-6a979061cce1e.dfd-button-module-wrap .dfd-button-module:not(.style_4) .dfd-button-link .dfd-button-inner-cover:before,.dfd-button-6a979061cce1e.dfd-button-module-wrap .dfd-button-module.style_4 .dfd-button-link .dfd-button-inner-cover:after,.dfd-button-6a979061cce1e.dfd-button-module-wrap .dfd-button-module.style_6 .dfd-button-link .dfd-button-inner-cover .dfd-button-text-main {background: rgba(255,255,255,0.01);border-style:solid;border-bottom-width:1px;border-radius:0px;border-color:#1b1b1b;}#dfd-button-6a979061cce1e.dfd-button-module-wrap .dfd-button-module:not(.style_6) .dfd-button-link:hover .dfd-button-inner-cover .dfd-button-text-main,#dfd-button-6a979061cce1e.dfd-button-module-wrap .dfd-button-module .dfd-button-link .dfd-button-inner-cover .dfd-button-text-hover,.dfd-button-6a979061cce1e.dfd-button-module-wrap .dfd-button-module:not(.style_6) .dfd-button-link:hover .dfd-button-inner-cover .dfd-button-text-main,.dfd-button-6a979061cce1e.dfd-button-module-wrap .dfd-button-module .dfd-button-link .dfd-button-inner-cover .dfd-button-text-hover {color: #000000;}#dfd-button-6a979061cce1e.dfd-button-module-wrap .dfd-button-module .dfd-button-link:hover .dfd-button-inner-cover,.dfd-button-6a979061cce1e.dfd-button-module-wrap .dfd-button-module .dfd-button-link:hover .dfd-button-border-decoration,.dfd-button-6a979061cce1e.dfd-button-module-wrap .dfd-button-module .dfd-button-link:hover .dfd-button-inner-cover {border-radius:0px;}#dfd-button-6a979061cce1e.dfd-button-module-wrap .dfd-button-module:not(.style_4) .dfd-button-link .dfd-button-inner-cover:after,#dfd-button-6a979061cce1e.dfd-button-module-wrap .dfd-button-module.style_4 .dfd-button-link .dfd-button-inner-cover:before,#dfd-button-6a979061cce1e.dfd-button-module-wrap .dfd-button-module .dfd-button-link .dfd-button-inner-cover .dfd-button-text-hover .dfd-button-6a979061cce1e.dfd-button-module-wrap .dfd-button-module:not(.style_4) .dfd-button-link .dfd-button-inner-cover:after,.dfd-button-6a979061cce1e.dfd-button-module-wrap .dfd-button-module.style_4 .dfd-button-link .dfd-button-inner-cover:before,.dfd-button-6a979061cce1e.dfd-button-module-wrap .dfd-button-module .dfd-button-link .dfd-button-inner-cover .dfd-button-text-hover {background: rgba(255,255,255,0.01);border-style:solid;border-bottom-width:1px;border-radius:0px;border-color:#000000;}#dfd-button-6a979061cce1e.dfd-button-module-wrap .dfd-button-module.style_3 .dfd-button-link:hover .dfd-button-inner-cover:before,#dfd-button-6a979061cce1e.dfd-button-module-wrap .dfd-button-module.style_4 .dfd-button-link:hover .dfd-button-inner-cover:before,.dfd-button-6a979061cce1e.dfd-button-module-wrap .dfd-button-module.style_3 .dfd-button-link:hover .dfd-button-inner-cover:before,.dfd-button-6a979061cce1e.dfd-button-module-wrap .dfd-button-module.style_4 .dfd-button-link:hover .dfd-button-inner-cover:before {border-style:solid;border-bottom-width:1px;border-radius:0px;border-color:#000000;}<\/style>\")\r\n\t\t\t\t\t\t\t\t\t})(jQuery);\r\n\t\t\t\t\t\t\t\t<\/script><\/div>[\/vc_column][\/vc_row]<\/p>\n<\/div>","protected":false},"excerpt":{"rendered":"<p>[vc_row css=\u00a0\u00bb.vc_custom_1673441504573{padding-right: 10px !important;padding-left: 10px !important;}\u00a0\u00bb][vc_column][vc_column_text css=\u00a0\u00bb.vc_custom_1778055240800{padding-bottom: 25px !important;}\u00a0\u00bb]Destinataires: les deux premi\u00e8res ann\u00e9es de l&rsquo;enseignement secondaire Dur\u00e9e: 2h30 Prix: 180 CHF\/classe Langues: italien Nombre maximum de participants: une classe (max.<\/p>\n","protected":false},"author":1,"featured_media":34857,"comment_status":"closed","ping_status":"closed","template":"","tags":[],"mec_category":[57],"class_list":["post-30605","mec-events","type-mec-events","status-publish","has-post-thumbnail","hentry","mec_category-propositions-pour-les-ecoles"],"aioseo_notices":[],"aioseo_head":"\n\t\t<!-- All in One SEO 5.0.0.1 - aioseo.com -->\n\t<meta name=\"description\" content=\"Destinataires: les deux premi\u00e8res ann\u00e9es de l\u2019enseignement secondaire Dur\u00e9e: 2h30 Prix: 180 CHF\/classe Langues: italien Nombre maximum de participants: une classe (max. 24 \u00e9l\u00e8ves). Lieu: Sala didattica del Prestino, Montebello Comment le pass\u00e9 peut-il survivre sous terre et comment les d\u00e9couvertes deviennent-elles des t\u00e9moins parlants ? Quels sont les m\u00e9thodes et les outils de recherche\" \/>\n\t<meta name=\"robots\" content=\"max-image-preview:large\" \/>\n\t<meta name=\"author\" content=\"Variante\"\/>\n\t<link rel=\"canonical\" href=\"https:\/\/fortezzabellinzona.ch\/fr\/mostre-attivita\/histoires-de-la-terre-des-fouilles-au-musee\/\" \/>\n\t<meta name=\"generator\" content=\"All in One SEO (AIOSEO) 5.0.0.1\" \/>\n\t\t<meta property=\"og:locale\" content=\"fr_FR\" \/>\n\t\t<meta property=\"og:site_name\" content=\"Fortezza Bellinzona - Sogna una fortezza unica in Europa!\" \/>\n\t\t<meta property=\"og:type\" content=\"article\" \/>\n\t\t<meta property=\"og:title\" content=\"Histoires de la terre: des fouilles au mus\u00e9e - Fortezza Bellinzona\" \/>\n\t\t<meta property=\"og:description\" content=\"Destinataires: les deux premi\u00e8res ann\u00e9es de l\u2019enseignement secondaire Dur\u00e9e: 2h30 Prix: 180 CHF\/classe Langues: italien Nombre maximum de participants: une classe (max. 24 \u00e9l\u00e8ves). Lieu: Sala didattica del Prestino, Montebello Comment le pass\u00e9 peut-il survivre sous terre et comment les d\u00e9couvertes deviennent-elles des t\u00e9moins parlants ? Quels sont les m\u00e9thodes et les outils de recherche\" \/>\n\t\t<meta property=\"og:url\" content=\"https:\/\/fortezzabellinzona.ch\/fr\/mostre-attivita\/histoires-de-la-terre-des-fouilles-au-musee\/\" \/>\n\t\t<meta property=\"article:published_time\" content=\"2023-01-11T13:22:14+00:00\" \/>\n\t\t<meta property=\"article:modified_time\" content=\"2026-05-06T08:14:02+00:00\" \/>\n\t\t<meta property=\"article:publisher\" content=\"https:\/\/www.facebook.com\/fortezzabellinzona\" \/>\n\t\t<meta name=\"twitter:card\" content=\"summary_large_image\" \/>\n\t\t<meta name=\"twitter:title\" content=\"Histoires de la terre: des fouilles au mus\u00e9e - Fortezza Bellinzona\" \/>\n\t\t<meta name=\"twitter:description\" content=\"Destinataires: les deux premi\u00e8res ann\u00e9es de l\u2019enseignement secondaire Dur\u00e9e: 2h30 Prix: 180 CHF\/classe Langues: italien Nombre maximum de participants: une classe (max. 24 \u00e9l\u00e8ves). Lieu: Sala didattica del Prestino, Montebello Comment le pass\u00e9 peut-il survivre sous terre et comment les d\u00e9couvertes deviennent-elles des t\u00e9moins parlants ? Quels sont les m\u00e9thodes et les outils de recherche\" \/>\n\t\t<script type=\"application\/ld+json\" class=\"aioseo-schema\">\n\t\t\t{\"@context\":\"https:\\\/\\\/schema.org\",\"@graph\":[{\"@type\":\"BreadcrumbList\",\"@id\":\"https:\\\/\\\/fortezzabellinzona.ch\\\/fr\\\/mostre-attivita\\\/histoires-de-la-terre-des-fouilles-au-musee\\\/#breadcrumblist\",\"itemListElement\":[{\"@type\":\"ListItem\",\"@id\":\"https:\\\/\\\/fortezzabellinzona.ch\\\/fr\\\/#listItem\",\"position\":1,\"name\":\"Home\",\"item\":\"https:\\\/\\\/fortezzabellinzona.ch\\\/fr\\\/\",\"nextItem\":{\"@type\":\"ListItem\",\"@id\":\"https:\\\/\\\/fortezzabellinzona.ch\\\/fr\\\/mostre-attivita\\\/#listItem\",\"name\":\"\\u00c9v\\u00e9nements\"}},{\"@type\":\"ListItem\",\"@id\":\"https:\\\/\\\/fortezzabellinzona.ch\\\/fr\\\/mostre-attivita\\\/#listItem\",\"position\":2,\"name\":\"\\u00c9v\\u00e9nements\",\"item\":\"https:\\\/\\\/fortezzabellinzona.ch\\\/fr\\\/mostre-attivita\\\/\",\"nextItem\":{\"@type\":\"ListItem\",\"@id\":\"https:\\\/\\\/fortezzabellinzona.ch\\\/fr\\\/mec-category\\\/propositions-pour-les-ecoles\\\/#listItem\",\"name\":\"Propositions pour les \\u00e9coles\"},\"previousItem\":{\"@type\":\"ListItem\",\"@id\":\"https:\\\/\\\/fortezzabellinzona.ch\\\/fr\\\/#listItem\",\"name\":\"Home\"}},{\"@type\":\"ListItem\",\"@id\":\"https:\\\/\\\/fortezzabellinzona.ch\\\/fr\\\/mec-category\\\/propositions-pour-les-ecoles\\\/#listItem\",\"position\":3,\"name\":\"Propositions pour les \\u00e9coles\",\"item\":\"https:\\\/\\\/fortezzabellinzona.ch\\\/fr\\\/mec-category\\\/propositions-pour-les-ecoles\\\/\",\"nextItem\":{\"@type\":\"ListItem\",\"@id\":\"https:\\\/\\\/fortezzabellinzona.ch\\\/fr\\\/mostre-attivita\\\/histoires-de-la-terre-des-fouilles-au-musee\\\/#listItem\",\"name\":\"Histoires de la terre: des fouilles au mus\\u00e9e\"},\"previousItem\":{\"@type\":\"ListItem\",\"@id\":\"https:\\\/\\\/fortezzabellinzona.ch\\\/fr\\\/mostre-attivita\\\/#listItem\",\"name\":\"\\u00c9v\\u00e9nements\"}},{\"@type\":\"ListItem\",\"@id\":\"https:\\\/\\\/fortezzabellinzona.ch\\\/fr\\\/mostre-attivita\\\/histoires-de-la-terre-des-fouilles-au-musee\\\/#listItem\",\"position\":4,\"name\":\"Histoires de la terre: des fouilles au mus\\u00e9e\",\"previousItem\":{\"@type\":\"ListItem\",\"@id\":\"https:\\\/\\\/fortezzabellinzona.ch\\\/fr\\\/mec-category\\\/propositions-pour-les-ecoles\\\/#listItem\",\"name\":\"Propositions pour les \\u00e9coles\"}}]},{\"@type\":\"Organization\",\"@id\":\"https:\\\/\\\/fortezzabellinzona.ch\\\/fr\\\/#organization\",\"name\":\"Fortezza Bellinzona\",\"description\":\"Sogna una fortezza unica in Europa!\",\"url\":\"https:\\\/\\\/fortezzabellinzona.ch\\\/fr\\\/\",\"telephone\":\"+41918252131\",\"logo\":{\"@type\":\"ImageObject\",\"url\":\"https:\\\/\\\/fortezzabellinzona.ch\\\/wp-content\\\/uploads\\\/2022\\\/10\\\/fortezza_bellinzona_logo.svg\",\"@id\":\"https:\\\/\\\/fortezzabellinzona.ch\\\/fr\\\/mostre-attivita\\\/histoires-de-la-terre-des-fouilles-au-musee\\\/#organizationLogo\",\"caption\":\"Fortezza Bellinzona\"},\"image\":{\"@id\":\"https:\\\/\\\/fortezzabellinzona.ch\\\/fr\\\/mostre-attivita\\\/histoires-de-la-terre-des-fouilles-au-musee\\\/#organizationLogo\"},\"sameAs\":[\"https:\\\/\\\/www.facebook.com\\\/fortezzabellinzona\",\"https:\\\/\\\/www.instagram.com\\\/fortezzabellinzona\\\/\"]},{\"@type\":\"Person\",\"@id\":\"https:\\\/\\\/fortezzabellinzona.ch\\\/fr\\\/author\\\/fortezza-bellinzona\\\/#author\",\"url\":\"https:\\\/\\\/fortezzabellinzona.ch\\\/fr\\\/author\\\/fortezza-bellinzona\\\/\",\"name\":\"Variante\",\"image\":{\"@type\":\"ImageObject\",\"@id\":\"https:\\\/\\\/fortezzabellinzona.ch\\\/fr\\\/mostre-attivita\\\/histoires-de-la-terre-des-fouilles-au-musee\\\/#authorImage\",\"url\":\"https:\\\/\\\/secure.gravatar.com\\\/avatar\\\/e6fa171115b65c09d44a2feda319a5b9605b2d8796020c8bf4354f86489eb012?s=96&d=mm&r=g\",\"width\":96,\"height\":96,\"caption\":\"Variante\"}},{\"@type\":\"WebPage\",\"@id\":\"https:\\\/\\\/fortezzabellinzona.ch\\\/fr\\\/mostre-attivita\\\/histoires-de-la-terre-des-fouilles-au-musee\\\/#webpage\",\"url\":\"https:\\\/\\\/fortezzabellinzona.ch\\\/fr\\\/mostre-attivita\\\/histoires-de-la-terre-des-fouilles-au-musee\\\/\",\"name\":\"Histoires de la terre: des fouilles au mus\\u00e9e - Fortezza Bellinzona\",\"description\":\"Destinataires: les deux premi\\u00e8res ann\\u00e9es de l\\u2019enseignement secondaire Dur\\u00e9e: 2h30 Prix: 180 CHF\\\/classe Langues: italien Nombre maximum de participants: une classe (max. 24 \\u00e9l\\u00e8ves). Lieu: Sala didattica del Prestino, Montebello Comment le pass\\u00e9 peut-il survivre sous terre et comment les d\\u00e9couvertes deviennent-elles des t\\u00e9moins parlants ? Quels sont les m\\u00e9thodes et les outils de recherche\",\"inLanguage\":\"fr-FR\",\"isPartOf\":{\"@id\":\"https:\\\/\\\/fortezzabellinzona.ch\\\/fr\\\/#website\"},\"breadcrumb\":{\"@id\":\"https:\\\/\\\/fortezzabellinzona.ch\\\/fr\\\/mostre-attivita\\\/histoires-de-la-terre-des-fouilles-au-musee\\\/#breadcrumblist\"},\"author\":{\"@id\":\"https:\\\/\\\/fortezzabellinzona.ch\\\/fr\\\/author\\\/fortezza-bellinzona\\\/#author\"},\"creator\":{\"@id\":\"https:\\\/\\\/fortezzabellinzona.ch\\\/fr\\\/author\\\/fortezza-bellinzona\\\/#author\"},\"image\":{\"@type\":\"ImageObject\",\"url\":\"https:\\\/\\\/fortezzabellinzona.ch\\\/wp-content\\\/uploads\\\/2026\\\/03\\\/LAB2_3.jpg\",\"@id\":\"https:\\\/\\\/fortezzabellinzona.ch\\\/fr\\\/mostre-attivita\\\/histoires-de-la-terre-des-fouilles-au-musee\\\/#mainImage\",\"width\":3024,\"height\":3024},\"primaryImageOfPage\":{\"@id\":\"https:\\\/\\\/fortezzabellinzona.ch\\\/fr\\\/mostre-attivita\\\/histoires-de-la-terre-des-fouilles-au-musee\\\/#mainImage\"},\"datePublished\":\"2023-01-11T14:22:14+01:00\",\"dateModified\":\"2026-05-06T10:14:02+02:00\"},{\"@type\":\"WebSite\",\"@id\":\"https:\\\/\\\/fortezzabellinzona.ch\\\/fr\\\/#website\",\"url\":\"https:\\\/\\\/fortezzabellinzona.ch\\\/fr\\\/\",\"name\":\"Fortezza Bellinzona\",\"description\":\"Sogna una fortezza unica in Europa!\",\"inLanguage\":\"fr-FR\",\"publisher\":{\"@id\":\"https:\\\/\\\/fortezzabellinzona.ch\\\/fr\\\/#organization\"}}]}\n\t\t<\/script>\n\t\t<!-- All in One SEO -->\n\n","aioseo_head_json":{"title":"Histoires de la terre: des fouilles au mus\u00e9e - Fortezza Bellinzona","description":"Destinataires: les deux premi\u00e8res ann\u00e9es de l\u2019enseignement secondaire Dur\u00e9e: 2h30 Prix: 180 CHF\/classe Langues: italien Nombre maximum de participants: une classe (max. 24 \u00e9l\u00e8ves). Lieu: Sala didattica del Prestino, Montebello Comment le pass\u00e9 peut-il survivre sous terre et comment les d\u00e9couvertes deviennent-elles des t\u00e9moins parlants ? Quels sont les m\u00e9thodes et les outils de recherche","canonical_url":"https:\/\/fortezzabellinzona.ch\/fr\/mostre-attivita\/histoires-de-la-terre-des-fouilles-au-musee\/","robots":"max-image-preview:large","keywords":"","webmasterTools":{"miscellaneous":""},"schema":{"@context":"https:\/\/schema.org","@graph":[{"@type":"BreadcrumbList","@id":"https:\/\/fortezzabellinzona.ch\/fr\/mostre-attivita\/histoires-de-la-terre-des-fouilles-au-musee\/#breadcrumblist","itemListElement":[{"@type":"ListItem","@id":"https:\/\/fortezzabellinzona.ch\/fr\/#listItem","position":1,"name":"Home","item":"https:\/\/fortezzabellinzona.ch\/fr\/","nextItem":{"@type":"ListItem","@id":"https:\/\/fortezzabellinzona.ch\/fr\/mostre-attivita\/#listItem","name":"\u00c9v\u00e9nements"}},{"@type":"ListItem","@id":"https:\/\/fortezzabellinzona.ch\/fr\/mostre-attivita\/#listItem","position":2,"name":"\u00c9v\u00e9nements","item":"https:\/\/fortezzabellinzona.ch\/fr\/mostre-attivita\/","nextItem":{"@type":"ListItem","@id":"https:\/\/fortezzabellinzona.ch\/fr\/mec-category\/propositions-pour-les-ecoles\/#listItem","name":"Propositions pour les \u00e9coles"},"previousItem":{"@type":"ListItem","@id":"https:\/\/fortezzabellinzona.ch\/fr\/#listItem","name":"Home"}},{"@type":"ListItem","@id":"https:\/\/fortezzabellinzona.ch\/fr\/mec-category\/propositions-pour-les-ecoles\/#listItem","position":3,"name":"Propositions pour les \u00e9coles","item":"https:\/\/fortezzabellinzona.ch\/fr\/mec-category\/propositions-pour-les-ecoles\/","nextItem":{"@type":"ListItem","@id":"https:\/\/fortezzabellinzona.ch\/fr\/mostre-attivita\/histoires-de-la-terre-des-fouilles-au-musee\/#listItem","name":"Histoires de la terre: des fouilles au mus\u00e9e"},"previousItem":{"@type":"ListItem","@id":"https:\/\/fortezzabellinzona.ch\/fr\/mostre-attivita\/#listItem","name":"\u00c9v\u00e9nements"}},{"@type":"ListItem","@id":"https:\/\/fortezzabellinzona.ch\/fr\/mostre-attivita\/histoires-de-la-terre-des-fouilles-au-musee\/#listItem","position":4,"name":"Histoires de la terre: des fouilles au mus\u00e9e","previousItem":{"@type":"ListItem","@id":"https:\/\/fortezzabellinzona.ch\/fr\/mec-category\/propositions-pour-les-ecoles\/#listItem","name":"Propositions pour les \u00e9coles"}}]},{"@type":"Organization","@id":"https:\/\/fortezzabellinzona.ch\/fr\/#organization","name":"Fortezza Bellinzona","description":"Sogna una fortezza unica in Europa!","url":"https:\/\/fortezzabellinzona.ch\/fr\/","telephone":"+41918252131","logo":{"@type":"ImageObject","url":"https:\/\/fortezzabellinzona.ch\/wp-content\/uploads\/2022\/10\/fortezza_bellinzona_logo.svg","@id":"https:\/\/fortezzabellinzona.ch\/fr\/mostre-attivita\/histoires-de-la-terre-des-fouilles-au-musee\/#organizationLogo","caption":"Fortezza Bellinzona"},"image":{"@id":"https:\/\/fortezzabellinzona.ch\/fr\/mostre-attivita\/histoires-de-la-terre-des-fouilles-au-musee\/#organizationLogo"},"sameAs":["https:\/\/www.facebook.com\/fortezzabellinzona","https:\/\/www.instagram.com\/fortezzabellinzona\/"]},{"@type":"Person","@id":"https:\/\/fortezzabellinzona.ch\/fr\/author\/fortezza-bellinzona\/#author","url":"https:\/\/fortezzabellinzona.ch\/fr\/author\/fortezza-bellinzona\/","name":"Variante","image":{"@type":"ImageObject","@id":"https:\/\/fortezzabellinzona.ch\/fr\/mostre-attivita\/histoires-de-la-terre-des-fouilles-au-musee\/#authorImage","url":"https:\/\/secure.gravatar.com\/avatar\/e6fa171115b65c09d44a2feda319a5b9605b2d8796020c8bf4354f86489eb012?s=96&d=mm&r=g","width":96,"height":96,"caption":"Variante"}},{"@type":"WebPage","@id":"https:\/\/fortezzabellinzona.ch\/fr\/mostre-attivita\/histoires-de-la-terre-des-fouilles-au-musee\/#webpage","url":"https:\/\/fortezzabellinzona.ch\/fr\/mostre-attivita\/histoires-de-la-terre-des-fouilles-au-musee\/","name":"Histoires de la terre: des fouilles au mus\u00e9e - Fortezza Bellinzona","description":"Destinataires: les deux premi\u00e8res ann\u00e9es de l\u2019enseignement secondaire Dur\u00e9e: 2h30 Prix: 180 CHF\/classe Langues: italien Nombre maximum de participants: une classe (max. 24 \u00e9l\u00e8ves). Lieu: Sala didattica del Prestino, Montebello Comment le pass\u00e9 peut-il survivre sous terre et comment les d\u00e9couvertes deviennent-elles des t\u00e9moins parlants ? Quels sont les m\u00e9thodes et les outils de recherche","inLanguage":"fr-FR","isPartOf":{"@id":"https:\/\/fortezzabellinzona.ch\/fr\/#website"},"breadcrumb":{"@id":"https:\/\/fortezzabellinzona.ch\/fr\/mostre-attivita\/histoires-de-la-terre-des-fouilles-au-musee\/#breadcrumblist"},"author":{"@id":"https:\/\/fortezzabellinzona.ch\/fr\/author\/fortezza-bellinzona\/#author"},"creator":{"@id":"https:\/\/fortezzabellinzona.ch\/fr\/author\/fortezza-bellinzona\/#author"},"image":{"@type":"ImageObject","url":"https:\/\/fortezzabellinzona.ch\/wp-content\/uploads\/2026\/03\/LAB2_3.jpg","@id":"https:\/\/fortezzabellinzona.ch\/fr\/mostre-attivita\/histoires-de-la-terre-des-fouilles-au-musee\/#mainImage","width":3024,"height":3024},"primaryImageOfPage":{"@id":"https:\/\/fortezzabellinzona.ch\/fr\/mostre-attivita\/histoires-de-la-terre-des-fouilles-au-musee\/#mainImage"},"datePublished":"2023-01-11T14:22:14+01:00","dateModified":"2026-05-06T10:14:02+02:00"},{"@type":"WebSite","@id":"https:\/\/fortezzabellinzona.ch\/fr\/#website","url":"https:\/\/fortezzabellinzona.ch\/fr\/","name":"Fortezza Bellinzona","description":"Sogna una fortezza unica in Europa!","inLanguage":"fr-FR","publisher":{"@id":"https:\/\/fortezzabellinzona.ch\/fr\/#organization"}}]},"og:locale":"fr_FR","og:site_name":"Fortezza Bellinzona - Sogna una fortezza unica in Europa!","og:type":"article","og:title":"Histoires de la terre: des fouilles au mus\u00e9e - Fortezza Bellinzona","og:description":"Destinataires: les deux premi\u00e8res ann\u00e9es de l\u2019enseignement secondaire Dur\u00e9e: 2h30 Prix: 180 CHF\/classe Langues: italien Nombre maximum de participants: une classe (max. 24 \u00e9l\u00e8ves). Lieu: Sala didattica del Prestino, Montebello Comment le pass\u00e9 peut-il survivre sous terre et comment les d\u00e9couvertes deviennent-elles des t\u00e9moins parlants ? Quels sont les m\u00e9thodes et les outils de recherche","og:url":"https:\/\/fortezzabellinzona.ch\/fr\/mostre-attivita\/histoires-de-la-terre-des-fouilles-au-musee\/","article:published_time":"2023-01-11T13:22:14+00:00","article:modified_time":"2026-05-06T08:14:02+00:00","article:publisher":"https:\/\/www.facebook.com\/fortezzabellinzona","twitter:card":"summary_large_image","twitter:title":"Histoires de la terre: des fouilles au mus\u00e9e - Fortezza Bellinzona","twitter:description":"Destinataires: les deux premi\u00e8res ann\u00e9es de l\u2019enseignement secondaire Dur\u00e9e: 2h30 Prix: 180 CHF\/classe Langues: italien Nombre maximum de participants: une classe (max. 24 \u00e9l\u00e8ves). Lieu: Sala didattica del Prestino, Montebello Comment le pass\u00e9 peut-il survivre sous terre et comment les d\u00e9couvertes deviennent-elles des t\u00e9moins parlants ? Quels sont les m\u00e9thodes et les outils de recherche"},"aioseo_meta_data":{"post_id":"30605","title":null,"description":null,"keywords":null,"keyphrases":{"focus":{"keyphrase":"","score":0,"analysis":{"keyphraseInTitle":{"score":0,"maxScore":9,"error":1}}},"additional":[]},"primary_term":null,"canonical_url":null,"og_title":null,"og_description":null,"og_object_type":"default","og_image_type":"default","og_image_url":null,"og_image_width":null,"og_image_height":null,"og_image_custom_url":null,"og_image_custom_fields":null,"og_video":"","og_custom_url":null,"og_article_section":null,"og_article_tags":null,"twitter_use_og":false,"twitter_card":"default","twitter_image_type":"default","twitter_image_url":null,"twitter_image_custom_url":null,"twitter_image_custom_fields":null,"twitter_title":null,"twitter_description":null,"schema":{"blockGraphs":[],"customGraphs":[],"default":{"data":{"Article":[],"Course":[],"Dataset":[],"FAQPage":[],"Movie":[],"Person":[],"Product":[],"ProductReview":[],"Car":[],"Recipe":[],"Service":[],"SoftwareApplication":[],"WebPage":[]},"graphName":"WebPage","isEnabled":true},"graphs":[]},"schema_type":"default","schema_type_options":null,"pillar_content":false,"robots_default":true,"robots_noindex":false,"robots_noarchive":false,"robots_nosnippet":false,"robots_nofollow":false,"robots_noimageindex":false,"robots_noodp":false,"robots_notranslate":false,"robots_max_snippet":"-1","robots_max_videopreview":"-1","robots_max_imagepreview":"large","priority":null,"frequency":"default","local_seo":null,"breadcrumb_settings":null,"limit_modified_date":false,"ai":{"faqs":[],"keyPoints":[],"titles":[],"descriptions":[],"socialPosts":{"email":[],"linkedin":[],"twitter":[],"facebook":[],"instagram":[]}},"created":"2023-04-02 16:14:57","updated":"2026-05-06 08:14:07","seo_analyzer_scan_date":null,"focus_keyword":null,"additional_keywords":null,"truseo_locale":null},"aioseo_breadcrumb":"<div class=\"aioseo-breadcrumbs\"><span class=\"aioseo-breadcrumb\">\n\t\t\t<a href=\"https:\/\/fortezzabellinzona.ch\/fr\/\" title=\"Home\">Home<\/a>\n\t\t<\/span><span class=\"aioseo-breadcrumb-separator\">&raquo;<\/span><span class=\"aioseo-breadcrumb\">\n\t\t\t<a href=\"https:\/\/fortezzabellinzona.ch\/fr\/mostre-attivita\/\" title=\"\u00c9v\u00e9nements\">\u00c9v\u00e9nements<\/a>\n\t\t<\/span><span class=\"aioseo-breadcrumb-separator\">&raquo;<\/span><span class=\"aioseo-breadcrumb\">\n\t\t\t<a href=\"https:\/\/fortezzabellinzona.ch\/fr\/mec-category\/propositions-pour-les-ecoles\/\" title=\"Propositions pour les \u00e9coles\">Propositions pour les \u00e9coles<\/a>\n\t\t<\/span><span class=\"aioseo-breadcrumb-separator\">&raquo;<\/span><span class=\"aioseo-breadcrumb\">\n\t\t\tHistoires de la terre: des fouilles au mus\u00e9e\n\t\t<\/span><\/div>","aioseo_breadcrumb_json":[{"label":"Home","link":"https:\/\/fortezzabellinzona.ch\/fr\/"},{"label":"\u00c9v\u00e9nements","link":"https:\/\/fortezzabellinzona.ch\/fr\/mostre-attivita\/"},{"label":"Propositions pour les \u00e9coles","link":"https:\/\/fortezzabellinzona.ch\/fr\/mec-category\/propositions-pour-les-ecoles\/"},{"label":"Histoires de la terre: des fouilles au mus\u00e9e","link":"https:\/\/fortezzabellinzona.ch\/fr\/mostre-attivita\/histoires-de-la-terre-des-fouilles-au-musee\/"}],"_links":{"self":[{"href":"https:\/\/fortezzabellinzona.ch\/fr\/wp-json\/wp\/v2\/mec-events\/30605","targetHints":{"allow":["GET"]}}],"collection":[{"href":"https:\/\/fortezzabellinzona.ch\/fr\/wp-json\/wp\/v2\/mec-events"}],"about":[{"href":"https:\/\/fortezzabellinzona.ch\/fr\/wp-json\/wp\/v2\/types\/mec-events"}],"author":[{"embeddable":true,"href":"https:\/\/fortezzabellinzona.ch\/fr\/wp-json\/wp\/v2\/users\/1"}],"replies":[{"embeddable":true,"href":"https:\/\/fortezzabellinzona.ch\/fr\/wp-json\/wp\/v2\/comments?post=30605"}],"wp:featuredmedia":[{"embeddable":true,"href":"https:\/\/fortezzabellinzona.ch\/fr\/wp-json\/wp\/v2\/media\/34857"}],"wp:attachment":[{"href":"https:\/\/fortezzabellinzona.ch\/fr\/wp-json\/wp\/v2\/media?parent=30605"}],"wp:term":[{"taxonomy":"post_tag","embeddable":true,"href":"https:\/\/fortezzabellinzona.ch\/fr\/wp-json\/wp\/v2\/tags?post=30605"},{"taxonomy":"mec_category","embeddable":true,"href":"https:\/\/fortezzabellinzona.ch\/fr\/wp-json\/wp\/v2\/mec_category?post=30605"}],"curies":[{"name":"wp","href":"https:\/\/api.w.org\/{rel}","templated":true}]}}