{"id":31916,"date":"2024-03-11T15:49:06","date_gmt":"2024-03-11T14:49:06","guid":{"rendered":"https:\/\/fortezzabellinzona.ch\/mostre-attivita\/nous-ne-sommes-plus-au-moyen-age-des-chateaux-a-la-forteresse\/"},"modified":"2025-04-29T09:43:17","modified_gmt":"2025-04-29T07:43:17","slug":"nous-ne-sommes-plus-au-moyen-age-des-chateaux-a-la-forteresse","status":"publish","type":"mec-events","link":"https:\/\/fortezzabellinzona.ch\/fr\/mostre-attivita\/nous-ne-sommes-plus-au-moyen-age-des-chateaux-a-la-forteresse\/","title":{"rendered":"Forteresse Bellinzona. Au-del\u00e0 du Moyen \u00c2ge"},"content":{"rendered":"<p>Quel futur pour la Forteresse de Bellinzone? D\u00e9couvrez-le au ch\u00e2teau de Sasso Corbaro! Tout au long de l\u2019ann\u00e9e 2025, le ch\u00e2teau accueillera <em>Forteresse Bellinzona. Au-del\u00e0 <\/em><em>du Moyen \u00c2ge<\/em>, une nouvelle pr\u00e9sentation de l&rsquo;exposition, qui explore le pass\u00e9 de la forteresse et ouvre un dialogue sur son avenir. Une invitation \u00e0 partager des id\u00e9es et \u00e0 construire ensemble une vision innovante et cr\u00e9ative de la forteresse de Bellinzone.<\/p>\n<p><a href=\"https:\/\/fortezzabellinzona.ch\/wp-content\/uploads\/2025\/03\/oltre_il_medioevo_2025.pdf\" target=\"_blank\" rel=\"noopener\"><span style=\"color: #0000ff;\"><strong>Flyer &amp; Plus d&rsquo;informations sur l&rsquo;exposition<\/strong><\/span><\/a><\/p>\n<p><span style=\"color: #0000ff;\"><a style=\"color: #0000ff;\" href=\"https:\/\/fortezzabellinzona.ch\/fr\/visiter\/\" target=\"_blank\" rel=\"noopener\"><strong>Tarifs et billets en ligne<\/strong><\/a><\/span><\/p>\n<p><b><span lang=\"EN-US\">Castello di Sasso Corbaro :<\/span><\/b><span lang=\"EN-US\"> 05<\/span><span lang=\"EN-US\">.04.2025 \u2013 09.11.2025<\/span><\/p>\n<p><strong>Heures d&rsquo;ouverture<\/strong> : 10:00 &#8211; 18:00 (7 jours par semaine)<\/p>\n","protected":false},"excerpt":{"rendered":"<p>Quel futur pour la Forteresse de Bellinzone? D\u00e9couvrez-le au ch\u00e2teau de Sasso Corbaro! Tout au long de l\u2019ann\u00e9e 2025, le ch\u00e2teau accueillera Forteresse Bellinzona. Au-del\u00e0 du Moyen \u00c2ge, une nouvelle<\/p>\n","protected":false},"author":3,"featured_media":33898,"comment_status":"closed","ping_status":"closed","template":"","tags":[],"mec_category":[97,56],"class_list":["post-31916","mec-events","type-mec-events","status-publish","has-post-thumbnail","hentry","mec_category-evenements","mec_category-expositions-temporaires"],"aioseo_notices":[],"_links":{"self":[{"href":"https:\/\/fortezzabellinzona.ch\/fr\/wp-json\/wp\/v2\/mec-events\/31916","targetHints":{"allow":["GET"]}}],"collection":[{"href":"https:\/\/fortezzabellinzona.ch\/fr\/wp-json\/wp\/v2\/mec-events"}],"about":[{"href":"https:\/\/fortezzabellinzona.ch\/fr\/wp-json\/wp\/v2\/types\/mec-events"}],"author":[{"embeddable":true,"href":"https:\/\/fortezzabellinzona.ch\/fr\/wp-json\/wp\/v2\/users\/3"}],"replies":[{"embeddable":true,"href":"https:\/\/fortezzabellinzona.ch\/fr\/wp-json\/wp\/v2\/comments?post=31916"}],"wp:featuredmedia":[{"embeddable":true,"href":"https:\/\/fortezzabellinzona.ch\/fr\/wp-json\/wp\/v2\/media\/33898"}],"wp:attachment":[{"href":"https:\/\/fortezzabellinzona.ch\/fr\/wp-json\/wp\/v2\/media?parent=31916"}],"wp:term":[{"taxonomy":"post_tag","embeddable":true,"href":"https:\/\/fortezzabellinzona.ch\/fr\/wp-json\/wp\/v2\/tags?post=31916"},{"taxonomy":"mec_category","embeddable":true,"href":"https:\/\/fortezzabellinzona.ch\/fr\/wp-json\/wp\/v2\/mec_category?post=31916"}],"curies":[{"name":"wp","href":"https:\/\/api.w.org\/{rel}","templated":true}]}}